{"id":126,"date":"2021-04-09T21:04:44","date_gmt":"2021-04-09T19:04:44","guid":{"rendered":"http:\/\/sucyenbrie.mitropolia.eu\/?page_id=126"},"modified":"2023-05-28T14:42:47","modified_gmt":"2023-05-28T12:42:47","slug":"in-memoriam-pere-georges","status":"publish","type":"page","link":"https:\/\/sucyenbrie.mitropolia.eu\/index.php\/fr\/in-memoriam-pere-georges\/","title":{"rendered":"In memoriam"},"content":{"rendered":"<div class=\"wp-block-image\">\n<figure class=\"alignleft size-large is-resized\"><img decoding=\"async\" loading=\"lazy\" src=\"https:\/\/sucyenbrie.mitropolia.eu\/wp-content\/uploads\/2021\/04\/PrGeroges_003-563x1024.jpg\" alt=\"\" class=\"wp-image-207\" width=\"214\" height=\"390\" srcset=\"https:\/\/sucyenbrie.mitropolia.eu\/wp-content\/uploads\/2021\/04\/PrGeroges_003-563x1024.jpg 563w, https:\/\/sucyenbrie.mitropolia.eu\/wp-content\/uploads\/2021\/04\/PrGeroges_003-165x300.jpg 165w, https:\/\/sucyenbrie.mitropolia.eu\/wp-content\/uploads\/2021\/04\/PrGeroges_003-768x1396.jpg 768w, https:\/\/sucyenbrie.mitropolia.eu\/wp-content\/uploads\/2021\/04\/PrGeroges_003-845x1536.jpg 845w, https:\/\/sucyenbrie.mitropolia.eu\/wp-content\/uploads\/2021\/04\/PrGeroges_003.jpg 996w\" sizes=\"(max-width: 214px) 100vw, 214px\" \/><\/figure><\/div>\n\n<div class=\"wp-block-image\">\n<figure class=\"alignleft size-full is-resized\"><img decoding=\"async\" loading=\"lazy\" src=\"https:\/\/sucyenbrie.mitropolia.eu\/wp-content\/uploads\/2023\/02\/image.png\" alt=\"\" class=\"wp-image-507\" width=\"342\" height=\"248\" srcset=\"https:\/\/sucyenbrie.mitropolia.eu\/wp-content\/uploads\/2023\/02\/image.png 529w, https:\/\/sucyenbrie.mitropolia.eu\/wp-content\/uploads\/2023\/02\/image-300x217.png 300w\" sizes=\"(max-width: 342px) 100vw, 342px\" \/><\/figure><\/div>\n\n\n<p>Lorsque nous avons emm\u00e9nag\u00e9 dans notre nouvelle maison de Marolles-en-Brie, nous savions qu\u2019il y avait une \u00e9glise o\u00f9 nous pouvions aller. A sept minutes en voiture se trouvait la paroisse francophone de P\u00e8re Georges, qui rel\u00e8ve de la juridiction de la M\u00e9tropole orthodoxe roumaine d\u2019Europe occidentale et m\u00e9ridionale. Je l\u2019avais rencontr\u00e9 pour la premi\u00e8re fois \u00e0 Saint- Sulpice : un p\u00e8re rempli de la douceur et \u00e0 l\u2019apparence d\u2019un P\u00e8re Noel. Il avait une longue barbe blanche, il \u00e9tait de taille moyenne, le visage serein et joyeux et les mains chaudes de grand-p\u00e8re. Il y officiait une fois par mois. Il faisait toujours son hom\u00e9lie apr\u00e8s la lecture de l\u2019\u00c9vangile du jour en fran\u00e7ais. Celle-ci \u00e9tait toujours br\u00e8ve, mais assez pour remplir les c\u0153urs de la gr\u00e2ce du Seigneur en surabondance. Il parlait de mani\u00e8re essentielle, existentielle et substantielle. Lorsque nous avons d\u00e9m\u00e9nag\u00e9, nous avons d\u00e9couvert qu\u2019il officiait juste l\u00e0 \u00e0 Sucy-en-Brie, la ville voisine de la n\u00f4tre. Il nous a accueillis avec beaucoup d\u2019amour et nous a imm\u00e9diatement fait sentir comme dans une famille. Il montrait toujours son attention vis-\u00e0-vis des fid\u00e8les. Par exemple, lorsque, peu de temps apr\u00e8s, nous nous sommes absent\u00e9s \u00e0 la Divine Liturgie, il nous a appel\u00e9s pour nous demander si tout allait bien. Il nous rappelait toujours l\u2019amour du Christ envers nous, amour qu\u2019il connaissait v\u00e9ritablement. Au-del\u00e0 des impuissances, des faiblesses, petites et grandes, qu\u2019il fallait montrer avec sinc\u00e9rit\u00e9 au Fils de Dieu, il nous exhortait \u00e0 ne pas oublier \u00e0 quel point Celui-ci nous aime. Et il Lui rendait gr\u00e2ce pour tout et nous apprenait \u00e0 Lui rendre gr\u00e2ce nous aussi et \u00e0 \u00eatre reconnaissants. Souvent, je sentais qu\u2019il couvrait, avec le v\u00eatement de son amour, tous les p\u00e9ch\u00e9s de ceux qui \u00e9taient pr\u00e9sents, comme s\u2019il voulait nous prot\u00e9ger devant le Seigneur, pour qu\u2019Il nous accepte, aussi laids que nous \u00e9tions, gr\u00e2ce \u00e0 son sacrifice, pr\u00eat \u00e0 recevoir le bl\u00e2me \u00e0 notre place. Sa pri\u00e8re \u00e9tait simple, profonde, v\u00e9ritable, les yeux ferm\u00e9s, le visage ancr\u00e9 dans le Seigneur et les bras ouverts. Il nous disait : \u00ab Le Christ est parmi nous, le Christ est en nous. Soyons sinc\u00e8res, avec nous-m\u00eames et avec Lui. Ouvrons-Lui nos c\u0153urs et pr\u00e9sentons-les \u00e0 Lui, en Lui disant et en Lui montrant : voil\u00e0 ce que je suis, ce que je peux, ici et maintenant, mais je sais que Tu es dans mon c\u0153ur et que Tu m\u2019aimes tel que je suis. Je ne d\u00e9sesp\u00e8re pas, mais je me r\u00e9jouis. \u00bb Lorsqu\u2019il y avait une agape \u00e0 l\u2019\u00e9glise, il partageait d\u2019abord ce qu\u2019il y avait \u00e0 manger \u00e0 ceux qui \u00e9taient pr\u00e9sents, puis il mangeait. Ensuite, il partageait \u00e0 nouveau, avec g\u00e9n\u00e9rosit\u00e9. Il ramenait souvent de sa propre cave de bons vins aux agapes, des vins nobles et anciens. Il laissait les petits enfants toucher sa barbe, il les faisait rire et leur donnait des fruits. A la naissance de notre deuxi\u00e8me enfant, lorsqu\u2019il est venu chez nous, il avait oubli\u00e9 son livre de pri\u00e8res chez lui, et il n\u2019avait pas o\u00f9 trouver la pri\u00e8re d\u2019attribution du nom. Il m\u2019a consol\u00e9e avec tendresse et affection en me disant : \u00ab Ne t\u2019inqui\u00e8tes pas ; je connais l\u2019esprit de cette pri\u00e8re \u00bb. Et il l\u2019a dite imm\u00e9diatement, avec ses propres mots, en r\u00e9sonnance avec son \u00e2me magnanime. Parfois, nous avions l\u2019impression qu\u2019il nous disait exactement ce qu\u2019il nous fallait entendre, ainsi, soudainement, il faisait dispara\u00eetre toutes les difficult\u00e9s.<\/p>\n\n\n\n<p><em>Mihaela MAN, Paroisse \u00ab Saint Martin \u00bb, Sucy-en-Brie, France<\/em><\/p>\n\n\n\n<p><\/p>\n\n\n\n<h2 class=\"wp-block-heading\">\u00abBienheureux les coeurs purs, car ils verront Dieu!\u00bb<\/h2>\n\n\n<div class=\"wp-block-image\">\n<figure class=\"alignleft size-large is-resized\"><img decoding=\"async\" loading=\"lazy\" src=\"https:\/\/sucyenbrie.mitropolia.eu\/wp-content\/uploads\/2021\/04\/PrGeroges_002-1024x768.jpg\" alt=\"\" class=\"wp-image-206\" width=\"424\" height=\"318\" srcset=\"https:\/\/sucyenbrie.mitropolia.eu\/wp-content\/uploads\/2021\/04\/PrGeroges_002-1024x768.jpg 1024w, https:\/\/sucyenbrie.mitropolia.eu\/wp-content\/uploads\/2021\/04\/PrGeroges_002-300x225.jpg 300w, https:\/\/sucyenbrie.mitropolia.eu\/wp-content\/uploads\/2021\/04\/PrGeroges_002-768x576.jpg 768w, https:\/\/sucyenbrie.mitropolia.eu\/wp-content\/uploads\/2021\/04\/PrGeroges_002-1536x1152.jpg 1536w, https:\/\/sucyenbrie.mitropolia.eu\/wp-content\/uploads\/2021\/04\/PrGeroges_002-1568x1176.jpg 1568w, https:\/\/sucyenbrie.mitropolia.eu\/wp-content\/uploads\/2021\/04\/PrGeroges_002.jpg 1600w\" sizes=\"(max-width: 424px) 100vw, 424px\" \/><\/figure><\/div>\n\n\n<p>Dans la vie, dans les moments les plus difficiles, Dieu vous tend la main par ceux qui sont \u00e0 vos c\u00f4t\u00e9s. En \u201996, au moment o\u00f9 l\u2019atmosph\u00e8re dans l\u2019\u00e9glise roumaine se trouvant rue Jean de Beauvais \u00e9tait devenue plut\u00f4t carc\u00e9rale que lib\u00e9ratrice, le fil barbel\u00e9 \u00e9tait apparu sur la cl\u00f4ture de l\u2019\u00e9glise et les portes \u00e9taient ferm\u00e9es pour presque tout le monde. D\u00e9sesp\u00e9rant de ne plus avoir d\u2019endroit pour aller le dimanche \u00e0 la Divine Liturgie, j\u2019ai appris que quelque part, du c\u00f4t\u00e9 de Saint-Ouen-sur-Seine, il y avait une petite \u00e9glise o\u00f9 l\u2019on officiait en roumain aussi. Parmi les c\u00e9l\u00e9brants, fran\u00e7ais et roumains, un diacre un peu plus \u00e2g\u00e9, \u00e0 l\u2019accent de Marcel Pagnol et un sourire qui irradiait sur tout son visage, a tout de suite attir\u00e9 mon attention. Il me rappelait un autre diacre \u00e2g\u00e9 que j\u2019avais vu jadis dans l\u2019\u00e9glise de la Place Amza et, soudainement, la tristesse et le manque de l\u2019\u00e9glise roumaine se sont \u00e9vanouis, et je me suis senti transport\u00e9 quelque part dans le Bucarest que j\u2019avais quitt\u00e9 quelques ann\u00e9es auparavant. J\u2019ai fait connaissance avec tous ceux qui s\u2019y trouvaient, des Fran\u00e7ais, des Serbes et des Roumains et j\u2019ai appris comment il s\u2019appelait : diacre Georges. Cela faisait quelque temps qu\u2019il s\u2019\u00e9tait converti \u00e0 l\u2019orthodoxie, lui, qui dans sa jeunesse avait pass\u00e9 quelques ann\u00e9es en tant que novice \u00e0 La Grande Chartreuse ! Ses yeux, qui \u00e9taient d\u2019une profondeur et d\u2019une lumi\u00e8re qui refl\u00e9taient une b\u00e9atitude int\u00e9rieure, m\u2019impressionnaient. Les dimanches suivants, je me suis approch\u00e9 de plus en plus de lui. J\u2019ai aussi connu son \u00e9pouse, Claire, qui chantait \u00e0 la chorale, et leurs quatre enfants. J\u2019y allais le matin pour l\u2019aider avant la Divine Liturgie. Il arrivait en premier et, m\u00e9ticuleusement, comme un vrai diacre c\u00e9l\u00e9brant, il pr\u00e9parait tout ce qui \u00e9tait n\u00e9cessaire pour l\u2019office. \u00ab Sois le premier dans l\u2019\u00e9glise ! \u00bb me dit-il un jour. \u00ab J\u2019arrive le premier et je suis le dernier \u00e0 partir. Fais-en de m\u00eame. Tu verras, au moment o\u00f9 les autres vont arriver, ils commenceront \u00e0 parler, \u00e0 se dissiper dans beaucoup de bavardages inutiles ; \u00e9coute-les, mais pas d\u2019une oreille attentive et tais-toi. Ne fais le jeu de personne. Sois uniquement avec le Christ. D\u00e9pose leurs impuissances, ainsi que les tiennes, au pied de la croix du Seigneur et dis-lui : \u00ab Regarde, Seigneur, toute cette souillure, dont nous sommes coupables, et lave-la avec Ton Sang Tr\u00e8s-Pur ! \u00bb Mets toute ta confiance dans le Christ et vis en Le gardant dans ton c\u0153ur ! \u00bb. Il ne disait du mal de personne, il ne critiquait pas et ne jugeait pas : \u00ab Chacun aura son propre jugement, laisse le Christ assumer le poids du jugement \u00bb me disait-il. Il m\u2019aidait en me faisant travailler dans diff\u00e9rents endroits et dans des situations diff\u00e9rentes. Parfois, je me rendais compte que ce que je faisais ne lui \u00e9tait pas absolument n\u00e9cessaire, mais il s\u2019agissait d\u2019une mani\u00e8re discr\u00e8te de m\u2019aider \u00e0 gagner d\u00e9cemment mon existence. Ma collaboration avec l\u2019\u00e9glise de Saint-Ouen-sur- Seine a cess\u00e9 environ deux ans plus tard, m\u2019\u00e9tant rapproch\u00e9 de la communaut\u00e9 qui s\u2019agr\u00e9geait autour de Monseigneur Joseph, le M\u00e9tropolite Orthodoxe de l\u2019Europe Occidentale et M\u00e9ridionale, mais nous sommes rest\u00e9s en contact et je lui demandais souvent des conseils. Nous nous sommes revus quelques ann\u00e9es plus tard et cette fois j\u2019\u00e9tais le diacre et lui, le pr\u00eatre, ordonn\u00e9s tous les deux par Son \u00c9minence le M\u00e9tropolite Joseph. Il officiait dans sa petite ville, Sucy-en-Brie o\u00f9 une petite communaut\u00e9 de fran\u00e7ais s\u2019\u00e9tait form\u00e9e et qui \u00e9tait, \u00e9videmment, fr\u00e9quent\u00e9e par des Roumains aussi. J\u2019officiais avec lui de temps \u00e0 autre. Comme d\u2019habitude, il arrivait le premier et il pr\u00e9parait toute l\u2019\u00e9glise pour l\u2019office. Tout devait \u00eatre pr\u00e9par\u00e9, parce qu\u2019il officiait dans une chapelle mise \u00e0 disposition par la communaut\u00e9 catholique, qu\u2019il transformait en \u00e9glise orthodoxe et qu\u2019il devait laisser comme il l\u2019avait trouv\u00e9e ! Je me rappelle d\u2019un dimanche d\u2019\u00e9t\u00e9 o\u00f9 je suis all\u00e9e officier \u00e0 l\u2019\u00e9glise avec lui. J\u2019\u00e9tais arriv\u00e9 expr\u00e8s un peu avant lui. Comme d\u2019habitude, il essayait de m\u00e9nager ceux qui l\u2019entouraient, en faisant ce qui \u00e9tait plus difficile : \u00ab Bouge pas, bouge pas ! \u00bb avait-il l\u2019habitude de dire, avec une affection paternelle, en laissant les autres faire les choses les plus simples. J\u2019en avais honte, car il \u00e9tait \u00e2g\u00e9 de plus de 70 de ans, mais il ne l\u00e2chait pas l\u2019affaire. Peu \u00e0 peu, les fid\u00e8les ont commenc\u00e9 \u00e0 arriver, les Matines ont d\u00e9but\u00e9, il s\u2019est occup\u00e9 de la Proscomidie, alors que la chaleur se faisait de plus en plus ressentir. <\/p>\n\n\n<div class=\"wp-block-image\">\n<figure class=\"alignright size-full is-resized\"><img decoding=\"async\" loading=\"lazy\" src=\"https:\/\/sucyenbrie.mitropolia.eu\/wp-content\/uploads\/2023\/02\/image-1.png\" alt=\"\" class=\"wp-image-522\" width=\"350\" height=\"502\" srcset=\"https:\/\/sucyenbrie.mitropolia.eu\/wp-content\/uploads\/2023\/02\/image-1.png 475w, https:\/\/sucyenbrie.mitropolia.eu\/wp-content\/uploads\/2023\/02\/image-1-209x300.png 209w\" sizes=\"(max-width: 350px) 100vw, 350px\" \/><\/figure><\/div>\n\n\n<p>La Divine Liturgie commen\u00e7a et, apr\u00e8s les premi\u00e8res ect\u00e9nies, lorsque j\u2019ai p\u00e9n\u00e9tr\u00e9 dans l\u2019autel et je me suis approch\u00e9 de lui, j\u2019ai senti une odeur de transpiration. Cela faisait plus de deux heures qu\u2019il \u00e9tait v\u00eatu de ses v\u00eatements liturgiques, sous la chaleur, apr\u00e8s avoir transport\u00e9 tout le mat\u00e9riel et pr\u00e9par\u00e9 l\u2019\u00e9glise. Je suis sensible aux odeurs, surtout \u00e0 l\u2019odeur de transpiration et je me suis dit : \u00ab Seigneur, comment vais-je pouvoir supporter cette odeur de transpiration jusqu\u2019\u00e0 la fin de la Divine Liturgie ? \u00bb. La r\u00e9ponse n\u2019a pas tard\u00e9 \u00e0 se manifester et quelques instants plus tard, depuis l\u2019endroit o\u00f9 \u00e9tait le P\u00e8re, une belle odeur de myrrhe s\u2019est r\u00e9pandue en l\u2019enveloppant ! J\u2019ai v\u00e9rifi\u00e9 s\u2019il ne s\u2019agissait pas d\u2019une odeur d\u2019encens, mais l\u2019encensoir \u00e9tait de l\u2019autre c\u00f4t\u00e9 de l\u2019autel et l\u2019encens s\u2019\u00e9tait consum\u00e9 depuis longtemps ! Des larmes ont rempli mes yeux et j\u2019ai compris la le\u00e7on que le Seigneur n\u2019a pas tard\u00e9 \u00e0 me donner : \u00ab vois qui est l\u2019homme \u00e0 c\u00f4t\u00e9 de toi ! \u00bb. Cette odeur ne l\u2019a pas quitt\u00e9 sur toute la dur\u00e9e de la Divine Liturgie et moi, \u00e9tonn\u00e9 et humili\u00e9, je me sentais port\u00e9 par la pri\u00e8re du P\u00e8re, tellement simple et humble devant le Calice. Quelques jours avant sa naissance au Ciel, je suis all\u00e9 lui rendre visite \u00e0 l\u2019h\u00f4pital. Malgr\u00e9 sa grande souffrance, c\u2019\u00e9tait lui qui nous encourageait et nous r\u00e9confortait. Il \u00e9tait tr\u00e8s paisible et beau, heureux de partir servir Celui qu\u2019il avait tant aim\u00e9 et auquel il avait d\u00e9di\u00e9 sa vie : le Christ, notre Seigneur. J\u2019ai lu l\u2019hymne paraclisis de la M\u00e8re de Dieu, avec Claire \u00e0 mes c\u00f4t\u00e9s et le P\u00e8re \u00e9tait tellement pr\u00e9sent dans la pri\u00e8re que lorsque Claire, \u00e9trangl\u00e9e par l\u2019\u00e9motion, perdait le fil des lignes, le P\u00e8re continuait la pri\u00e8re depuis son lit, comme s\u2019il le faisait d\u2019ailleurs. Il pensait \u00e0 ce qui allait arriver \u00e0 sa petite paroisse, mais il mettait sa confiance en la mis\u00e9ricorde du Seigneur et en l\u2019\u0153uvre de Monseigneur Joseph, qu\u2019il aimait et respectait profond\u00e9ment. Quelques jours apr\u00e8s sa naissance au ciel, je suis all\u00e9, avec P\u00e8re Nicolae et P\u00e8re Mircea, pr\u00e9parer son corps pour l\u2019enterrement. Je craignais qu\u2019apr\u00e8s quatre jours pass\u00e9s dans la chambre froide du fun\u00e9rarium son corps ne soit raide et difficile \u00e0 oindre et \u00e0 habiller. Mais, stupeur une fois de plus : sa chair \u00e9tait tendre, sans rigidit\u00e9 cadav\u00e9rique et nous avons pu le v\u00eatir. C\u2019est comme s\u2019il nous r\u00e9confortait \u00e0 ce moment-l\u00e0 aussi. Apr\u00e8s lui avoir mis ses v\u00eatements sacerdotaux, son visage s\u2019est illumin\u00e9 comme jadis : son corps avait retrouv\u00e9 la dignit\u00e9 de la pr\u00eatrise ! Nous avons peut-\u00eatre perdu un P\u00e8re, mais la Paradis a gagn\u00e9 un Saint ! M\u00e9moire \u00e9ternelle !<\/p>\n\n\n\n<p><em>P\u00e8re Octavian DABIJA<\/em><\/p>\n\n\n\n<p><\/p>\n\n\n\n<h2 class=\"wp-block-heading\">\u00abChez p\u00e8re Georges, tout \u00e9tait simple et intuitif et menait \u00e0 la paix.\u00bb<\/h2>\n\n\n\n<p>Avec sa longue barbe blanche et l\u2019\u00e9nergie de quelqu\u2019un deux fois plus jeune, p\u00e8re George se faisait facilement remarquer. Dans ses br\u00e8ves hom\u00e9lies, il nous encourageait sans rel\u00e2che \u00e0 nous remettre entre les mains du Seigneur et de Sa Tr\u00e8s-Sainte M\u00e8re. J\u2019ai toujours eu l\u2019impression qu\u2019il parlait de son exp\u00e9rience. Plus ses mots paraissaient simples, plus il m\u2019a fallu de temps pour comprendre au moins une partie de leur sens, car chez p\u00e8re Georges tout \u00e9tait simple et intuitif et menait \u00e0 la paix. Je me suis rendu compte qu\u2019en fait, la difficult\u00e9 r\u00e9sidait ailleurs ; il appliquait simplement ce qu\u2019il pr\u00eachait : il d\u00e9posait ses soucis devant le Seigneur, sans chercher \u00e0 donner des le\u00e7ons \u00e0 Dieu, mais plut\u00f4t en se laissant guider. Cela lui donnait une joie dont il \u00e9tait toujours rempli et qui \u00e9tait ressentie de l\u2019ext\u00e9rieur, qui se r\u00e9pandait vers ses semblables d\u00e8s le premier instant de la premi\u00e8re rencontre, en s\u2019adressant \u00e0 eux comme \u00e0 de vieux amis. Quand j\u2019\u00e9tais adolescent, je me demandais parfois : \u00ab Comment s\u2019y prendrait un tel dans ce cas ? \u00bb Maintenant, quand je m\u2019interroge, je me dis : \u00ab Comment p\u00e8re Georges s\u2019y prendrait-il ? \u00bb et je suis heureux, car je re\u00e7ois dans mon c\u0153ur son conseil. Que Dieu lui pardonne ses fautes et qu\u2019Il permette qu\u2019il reste notre guide et notre intercesseur.<\/p>\n\n\n\n<p><em>Gabriel TURINICI, professeur en math\u00e9matiques \u00e0 l\u2019Universit\u00e9 de Sorbonne<\/em><\/p>\n\n\n\n<p><\/p>\n\n\n\n<h2 class=\"wp-block-heading\">\u00abP\u00e8re Georges Belli\u00e8res, visage de l\u2019amour paternel\u00bb<\/h2>\n\n\n<div class=\"wp-block-image\">\n<figure class=\"alignleft size-large is-resized\"><img decoding=\"async\" loading=\"lazy\" src=\"https:\/\/sucyenbrie.mitropolia.eu\/wp-content\/uploads\/2021\/04\/PrGeroges_001-768x1024.jpg\" alt=\"\" class=\"wp-image-205\" width=\"446\" height=\"594\" srcset=\"https:\/\/sucyenbrie.mitropolia.eu\/wp-content\/uploads\/2021\/04\/PrGeroges_001-768x1024.jpg 768w, https:\/\/sucyenbrie.mitropolia.eu\/wp-content\/uploads\/2021\/04\/PrGeroges_001-225x300.jpg 225w, https:\/\/sucyenbrie.mitropolia.eu\/wp-content\/uploads\/2021\/04\/PrGeroges_001-1152x1536.jpg 1152w, https:\/\/sucyenbrie.mitropolia.eu\/wp-content\/uploads\/2021\/04\/PrGeroges_001-1536x2048.jpg 1536w, https:\/\/sucyenbrie.mitropolia.eu\/wp-content\/uploads\/2021\/04\/PrGeroges_001-1568x2091.jpg 1568w, https:\/\/sucyenbrie.mitropolia.eu\/wp-content\/uploads\/2021\/04\/PrGeroges_001-scaled.jpg 1920w\" sizes=\"(max-width: 446px) 100vw, 446px\" \/><\/figure><\/div>\n\n\n<p>Nous \u00e9tions \u2012 et nous le sommes encore \u2012 tr\u00e8s attach\u00e9s \u00e0 la Crypte de Saint-Sulpice de Paris, plus pr\u00e9cis\u00e9ment \u00e0 la Paroisse \u00ab Sainte Parasc\u00e8ve et Sainte Genevi\u00e8ve \u00bb, o\u00f9 mon \u00e9poux, p\u00e8re Nicolae Florea, avait \u00e9t\u00e9 pr\u00e9sent d\u00e8s le premier office c\u00e9l\u00e9br\u00e9. De temps en temps, un pr\u00eatre fran\u00e7ais venait officier aux c\u00f4t\u00e9s des jeunes serviteurs du Saint Autel. C\u2019\u00e9tait un p\u00e8re fran\u00e7ais de petite taille, toujours souriant : c\u2019\u00e9tait le p\u00e8re Georges. Nous \u00e9tions jeunes, d\u00e9sireux d\u2019avoir un enfant, et Dieu, dans sa mis\u00e9ricorde, nous a permis de concevoir. Cependant, la joie de mettre un enfant au monde \u00e9tait parfois assombrie par nos craintes terrestres. Mon \u00e9poux me voyait me tourmenter : comment pourrais-je \u00eatre m\u00e8re alors que je me sentais \u00e0 l\u2019int\u00e9rieur de moi-m\u00eame toute petite, encore une fillette ? Mais voil\u00e0, un dimanche, apr\u00e8s la Divine Liturgie, sans que j\u2019aie cherch\u00e9 des paroles d\u2019encouragement, je vois p\u00e8re Georges s\u2019approcher de moi, apposer ses mains sur mes \u00e9paules et me dire d\u2019une voix de v\u00e9ritable p\u00e8re aimant : \u00ab Confie \u00e0 Dieu toute ta peur, appelle-Le pour qu\u2019Il vive tout ceci avec toi et tout ira bien ! \u00bb. Cela m\u2019a suffi ! Je me suis apais\u00e9e et j\u2019ai commenc\u00e9 \u00e0 remettre \u00e0 Dieux toute ma peur, comme p\u00e8re Georges m\u2019avait conseill\u00e9e. Toutes les inqui\u00e9tudes se sont \u00e9vanouies. Certes, p\u00e8re Georges nous portait devant Dieu les mains lev\u00e9es vers le ciel, le regard tourn\u00e9 vers le haut, un sourire chaleureux sur les l\u00e8vres. Les ann\u00e9es se sont agr\u00e9ablement \u00e9coul\u00e9es et je suis tomb\u00e9e enceinte pour la deuxi\u00e8me fois. La surface de notre logement n\u2019\u00e9tait pas tr\u00e8s grande et justement \u00e0 notre \u00e9tage une chambre venait d\u2019\u00eatre mise en vente. Mais o\u00f9 trouver les ressources ? La banque exigeait que quelqu\u2019un se porte garant. P\u00e8re Georges nous a accompagn\u00e9s, il a r\u00e9uni les documents n\u00e9cessaires, nous aidant de mani\u00e8re concr\u00e8te, pas seulement par des conseils. Quelques ann\u00e9es plus tard, il a fallu d\u00e9m\u00e9nager \u00e0 nouveau. Nous avons trouv\u00e9 une maison pr\u00e9cis\u00e9ment dans la petite ville o\u00f9 habitait p\u00e8re Georges, \u00e0 Sucy-en-Brie. Comme vous devez probablement l\u2019imaginer, p\u00e8re Georges nous a encore aid\u00e9s ! C\u2019est lui-m\u00eame qui a pass\u00e9 un coup de fil \u00e0 la propri\u00e9taire pour lui apporter les plus beaux arguments, afin qu\u2019elle nous vende la maison. Nous \u00e9tions, nous-m\u00eames, \u00e9tonn\u00e9s de l\u2019entendre nous pr\u00e9senter si bien ! Il nous a beaucoup port\u00e9s en pri\u00e8res et aid\u00e9s, comme un v\u00e9ritable p\u00e8re, tant pour les choses mat\u00e9rielles, que sur le plan spirituel ! Il nous a emmen\u00e9s dans des p\u00e8lerinages inoubliables, v\u00e9n\u00e9rer les Saints de Gr\u00e8ce, et, petit \u00e0 petit, sentant qu\u2019il allait se retirer de cette vie, il a pr\u00e9par\u00e9 le terrain pour que nous reprenions la petite paroisse qui le porte dans son c\u0153ur en tant que p\u00e8re de l\u2019amour ! Que ses douces pri\u00e8res nous accompagnent, maintenant qu\u2019il se trouve avec ceux qui ont men\u00e9 le bon combat !<\/p>\n\n\n\n<p>&nbsp;<em>Presbyt\u00e9ra Monica FLOREA, \u00e9pouse du p\u00e8re Nicolae FLOREA<\/em><\/p>\n\n\n\n<p><\/p>\n\n\n\n<h2 class=\"wp-block-heading\">BIOGRAPHIE<\/h2>\n\n\n<p>P\u00e8re Georges Belli\u00e8res est n\u00e9 le 27 d\u00e9cembre 1932, \u00e0 R\u00e9quista, dans le<br \/>d\u00e9partement de l\u2019Aveyron, dans le Sud de la France. Son p\u00e8re, Justin, \u00e9tait<br \/>commer\u00e7ant, et sa m\u00e8re, Georgette, femme au foyer. Celle-ci pr\u00eate une attention<br \/>on toute particuli\u00e8re \u00e0 l\u2019\u00e9ducation de Georges et de son fr\u00e8re Roger, de sept<br \/>ans son a\u00een\u00e9. L\u2019une de ses grand-m\u00e8res, une femme tr\u00e8s pieuse, le confi e avant<br \/>sa mort, \u00e0 l\u2019attention spirituelle d\u2019un pr\u00eatre catholique proche de la famille.<br \/>A 20 ans, il sent un appel de Dieu vers la vie monacale, et il part \u00e0 La Grande<br \/>Chartreuse (grand monast\u00e8re catholique, renomm\u00e9 pour son asc\u00e9tisme, similaire \u00e0<br \/>celui du Mont Athos). Il y vit en tant que fr\u00e8re pendant six ans.<\/p>\n<p>Apr\u00e8s cette p\u00e9riode, il est envoy\u00e9 dans le monde o\u00f9, en 1961, il \u00e9pouse Liselotte, avec<br \/>laquelle il a deux enfants : Christian (1962) et Nicole (1966). C\u2019est \u00e0 ce moment-l\u00e0 que p\u00e8re Georges reprend ses \u00e9tudes de droit, tout en travaillant dans les transports, ayant cr\u00e9\u00e9 l\u2019une des plus grandes soci\u00e9t\u00e9s de transports avec chauffeur de la r\u00e9gion parisienne. Dans les ann\u00e9es 1970, l\u2019une de ses<br \/>connaissances lui parle de l\u2019\u00c9glise Orthodoxe et il commence \u00e0 se rendre aux offices de celle-ci. Il se convertit \u00e0 l\u2019Orthodoxie en 1973. En 1980, il conna\u00eet la souffrance de la perte de sa femme. Il \u00e9pouse, en secondes noces, Claire, en 1981 (p\u00e8re Georges avouait avoir senti que Liselotte m\u00eame l\u2019avait<br \/>confi \u00e9 \u00e0 Claire, apr\u00e8s sa mort) et ensemble ils ont quatre enfants : Marie (1982), Anne (1984), Jean (1987) et Pierre (1989). Il est ordonn\u00e9 diacre trois jours apr\u00e8s son mariage avec Claire, officiant en tant que tel pendant 15 ans.<\/p>\n<p>Le 16 juin 1996, il est ordonn\u00e9 pr\u00eatre par Son Excellence Monseigneur Silouane<br \/>et, sous la direction de Son \u00c9minence le M\u00e9tropolite Joseph, en 2003, il se voit<br \/>confi er la paroisse de Sucy-en-Brie. Il reste d\u00e9vou\u00e9 \u00e0 cette paroisse et \u00e0 sa<br \/>famille jusqu\u2019\u00e0 sa mort, le 17 d\u00e9cembre 2020, \u00e0 l\u2019\u00e2ge de presque 88 ans.<\/p>\n<p><\/p>\n<figure class=\"wp-block-image size-large\"><img decoding=\"async\" loading=\"lazy\" width=\"1024\" height=\"304\" class=\"wp-image-531\" src=\"https:\/\/sucyenbrie.mitropolia.eu\/wp-content\/uploads\/2023\/02\/image-2-1024x304.png\" alt=\"\" srcset=\"https:\/\/sucyenbrie.mitropolia.eu\/wp-content\/uploads\/2023\/02\/image-2-1024x304.png 1024w, https:\/\/sucyenbrie.mitropolia.eu\/wp-content\/uploads\/2023\/02\/image-2-300x89.png 300w, https:\/\/sucyenbrie.mitropolia.eu\/wp-content\/uploads\/2023\/02\/image-2-768x228.png 768w, https:\/\/sucyenbrie.mitropolia.eu\/wp-content\/uploads\/2023\/02\/image-2-1536x455.png 1536w, https:\/\/sucyenbrie.mitropolia.eu\/wp-content\/uploads\/2023\/02\/image-2.png 1697w\" sizes=\"(max-width: 1024px) 100vw, 1024px\" \/><\/figure>\n<p><\/p>\n<p><!-- \/wp:paragraph --><!-- wp:paragraph -->Traduction r\u00e9alis\u00e9e par: Mara<br \/>URCAN, Melissa OPREA et Anamaria CR\u0102IL\u0102<\/p>\n<p><!-- \/wp:paragraph --><\/p>","protected":false},"excerpt":{"rendered":"<p>Lorsque nous avons emm\u00e9nag\u00e9 dans notre nouvelle maison de Marolles-en-Brie, nous savions qu\u2019il y avait une \u00e9glise o\u00f9 nous pouvions aller. A sept minutes en voiture se trouvait la paroisse francophone de P\u00e8re Georges, qui rel\u00e8ve de la juridiction de la M\u00e9tropole orthodoxe roumaine d\u2019Europe occidentale et m\u00e9ridionale. Je l\u2019avais rencontr\u00e9 pour la premi\u00e8re fois<\/p><\/div>\n<div class=\"blog-btn\"><a href=\"https:\/\/sucyenbrie.mitropolia.eu\/index.php\/fr\/in-memoriam-pere-georges\/\" class=\"home-blog-btn\">Lire la suite<\/a><\/p>\n","protected":false},"author":2,"featured_media":0,"parent":0,"menu_order":0,"comment_status":"closed","ping_status":"closed","template":"","meta":[],"_links":{"self":[{"href":"https:\/\/sucyenbrie.mitropolia.eu\/index.php\/wp-json\/wp\/v2\/pages\/126"}],"collection":[{"href":"https:\/\/sucyenbrie.mitropolia.eu\/index.php\/wp-json\/wp\/v2\/pages"}],"about":[{"href":"https:\/\/sucyenbrie.mitropolia.eu\/index.php\/wp-json\/wp\/v2\/types\/page"}],"author":[{"embeddable":true,"href":"https:\/\/sucyenbrie.mitropolia.eu\/index.php\/wp-json\/wp\/v2\/users\/2"}],"replies":[{"embeddable":true,"href":"https:\/\/sucyenbrie.mitropolia.eu\/index.php\/wp-json\/wp\/v2\/comments?post=126"}],"version-history":[{"count":28,"href":"https:\/\/sucyenbrie.mitropolia.eu\/index.php\/wp-json\/wp\/v2\/pages\/126\/revisions"}],"predecessor-version":[{"id":683,"href":"https:\/\/sucyenbrie.mitropolia.eu\/index.php\/wp-json\/wp\/v2\/pages\/126\/revisions\/683"}],"wp:attachment":[{"href":"https:\/\/sucyenbrie.mitropolia.eu\/index.php\/wp-json\/wp\/v2\/media?parent=126"}],"curies":[{"name":"wp","href":"https:\/\/api.w.org\/{rel}","templated":true}]}}